{"id":165696,"date":"2025-10-07T12:56:16","date_gmt":"2025-10-07T10:56:16","guid":{"rendered":"https:\/\/tauroessiccatori.com\/?post_type=tauro_recipe&#038;p=165696"},"modified":"2026-08-31T14:42:07","modified_gmt":"2026-08-31T12:42:07","slug":"branza-parmezan-vegana","status":"publish","type":"tauro_recipe","link":"https:\/\/www.tauroessiccatori.com\/ro\/ricette\/varie\/formaggio-vegano-dallanacardo-al-parmigiano\/","title":{"rendered":"Br\u00e2nz\u0103 vegan\u0103: de la cashew la \u201cparmezan\u201d!"},"content":{"rendered":"<p class=\"isSelectedEnd wp-block-paragraph\">Cu fructe uscate \u0219i c\u00e2teva alte ingrediente se poate prepara un <strong>br\u00e2nz\u0103 vegan\u0103 din nuci de caju<\/strong>, aromat \u0219i compact, care se poate folosi ras sau \u00een fulgi ca alternativ\u0103 vegetal\u0103 la br\u00e2nza maturat\u0103 clasic\u0103.<\/p>\r\n<p class=\"isSelectedEnd\">Uscarea permite eliminarea treptat\u0103 a apei din compozi\u021bie \u0219i concentrarea gustului \u0219i a consisten\u021bei acesteia. Este unul dintre numeroasele exemple care ilustreaz\u0103 modul \u00een care un <a href=\"https:\/\/www.tauroessiccatori.com\/ro\/uscare-wiki\/cum-se-foloseste-un-uscator-de-alimente\/\">ca usc\u0103torul de alimente s\u0103 poat\u0103 fi utilizat<\/a> \u00a0nu doar pentru fructe \u0219i legume, ci \u0219i pentru preparate creative, aluaturi \u0219i re\u021bete pe baz\u0103 de legume.<\/p>\r\n<h2>Ingrediente<\/h2>\r\n<p class=\"isSelectedEnd\">Timp de aproximativ <strong>350 g de br\u00e2nz\u0103 vegan\u0103<\/strong>:<\/p>\r\n<ul data-spread=\"false\">\r\n<li>250 g de fructe uscate, printre care <strong>caju \u0219i pinoli<\/strong><\/li>\r\n<li>250 ml ap\u0103<\/li>\r\n<li>2 linguri de fulgi de drojdie nutritiv\u0103<\/li>\r\n<li>\u00bc linguri\u021b\u0103 de sare<\/li>\r\n<li>ceap\u0103 e\u0219alot\u0103 t\u0103iat\u0103 fin<\/li>\r\n<li>l\u0103m\u00e2ie<\/li>\r\n<\/ul>\r\n<h2>Procedur\u0103<\/h2>\r\n<p class=\"isSelectedEnd\">Pune\u021bi <strong>nuci de caju l\u0103sate la \u00eenmuiat timp de aproximativ 4 ore<\/strong>. Dup\u0103 ce a trecut acest timp, scurge\u021bi-le \u0219i mixa\u021bi-le \u00eempreun\u0103 cu pinolii, drojdia alimentar\u0103, sarea, \u0219alotele \u0219i l\u0103m\u00e2ia.<\/p>\r\n<p class=\"isSelectedEnd\">Ad\u0103uga\u021bi treptat cantitatea necesar\u0103 de ap\u0103 p\u00e2n\u0103 c\u00e2nd ob\u021bine\u021bi <strong>un amestec dens, cremos \u0219i omogen<\/strong>. \u00cen mod orientativ, 250 ml sunt suficien\u021bi, dar cantitatea poate varia u\u0219or \u00een func\u021bie de consisten\u021ba ingredientelor.<\/p>\r\n<p class=\"isSelectedEnd\">Apoi \u00eentinde\u021bi amestecul pe co\u0219urile usc\u0103torului, form\u00e2nd un strat uniform.<\/p>\r\n<p class=\"isSelectedEnd\">Pentru preparate cremoase sau deosebit de umede, se recomand\u0103 utilizarea unui <a href=\"https:\/\/www.tauroessiccatori.com\/ro\/uscatoare-de-uz-casnic\/accesorii\/neaderent\/matase-uscata\/\">foaie antiaderent\u0103 DrySilk<\/a>, conceput special pentru uscarea piureurilor, a compozi\u021biilor apoase \u0219i a alimentelor care ar putea r\u0103m\u00e2ne lipite sau ar putea trece prin orificiile co\u0219urilor.<\/p>\r\n<p class=\"isSelectedEnd\"><strong>\u00centinde\u021bi compozi\u021bia \u00eentr-un strat c\u00e2t mai uniform posibil:<\/strong> \u00cen acest fel, aerul va ac\u021biona \u00een mod uniform \u0219i va fi mai u\u0219or s\u0103 ob\u021bine\u021bi aceea\u0219i consisten\u021b\u0103 \u00een \u00eentreaga preparare.<\/p>\r\n<h2>Program<\/h2>\r\n<p class=\"isSelectedEnd\">Porni\u021bi <strong>Biosec cu programul P1<\/strong> \u0219i l\u0103sa\u021bi-le s\u0103 se usuce aproximativ pentru <strong>16-20 ore<\/strong>.<\/p>\r\n<p class=\"isSelectedEnd\">P1 este programul automat \u0219i versatil al Biosec \u0219i atinge o temperatur\u0103 maxim\u0103 de 55 \u00b0C. Pute\u021bi afla mai multe despre func\u021bionarea \u0219i caracteristicile acestuia \u00een ghidul pentru <a href=\"https:\/\/www.tauroessiccatori.com\/ro\/manual-biosec\/utilizarea-programelor\/\">programe de uscare Biosec<\/a>.<\/p>\r\n<p class=\"isSelectedEnd\">Dup\u0103 aproximativ <strong>6-8 ore<\/strong>, c\u00e2nd suprafa\u021ba compusului va fi suficient de uscat\u0103, \u00eentoarce\u021bi-l cu grij\u0103 \u0219i continua\u021bi uscarea pe cealalt\u0103 parte.<\/p>\r\n<p class=\"isSelectedEnd\">Programul P1 are o durat\u0103 automat\u0103 mai lung\u0103, dar pentru aceast\u0103 preparare <strong>nu este necesar s\u0103 a\u0219tepta\u021bi \u00eencheierea complet\u0103 a ciclului<\/strong>: verifica\u021bi compozi\u021bia \u0219i opri\u021bi uscarea c\u00e2nd aceasta va atinge consisten\u021ba dorit\u0103.<\/p>\r\n<p class=\"isSelectedEnd\">Pentru un rezultat mai moale \u0219i mai compact, pute\u021bi opri procesul mai devreme; dac\u0103 prelungi\u021bi procesul, ve\u021bi ob\u021bine, \u00een schimb, un produs <strong>mai uscat \u0219i mai sf\u0103r\u00e2micios, potrivit \u0219i pentru a fi sf\u0103r\u00e2mat sau ras<\/strong>.<\/p>\r\n<p class=\"isSelectedEnd\">Ca \u00een cazul tuturor preparatelor uscate, timpul indicat este orientativ: grosimea amestecului, cantitatea de ap\u0103 utilizat\u0103 \u0219i umiditatea din \u00eenc\u0103pere pot modifica durata efectiv\u0103 a procesului.<\/p>\r\n<h2>Conservare<\/h2>\r\n<p class=\"isSelectedEnd\">Odat\u0103 ce a\u021bi atins gradul de uscare dorit, p\u0103stra\u021bi br\u00e2nza vegan\u0103 \u00een <strong>un recipient de sticl\u0103 bine \u00eenchis<\/strong>, ferit de lumin\u0103, c\u0103ldur\u0103 \u0219i umiditate.<\/p>\r\n<p class=\"isSelectedEnd\">\u00cenainte de a-l depozita, asigura\u021bi-v\u0103 c\u0103 nu au r\u0103mas zone excesiv de umede, mai ales dac\u0103 a\u021bi ales o consisten\u021b\u0103 foarte compact\u0103. Pentru mai multe detalii despre aceast\u0103 etap\u0103, pute\u021bi consulta ghidul dedicat <a href=\"https:\/\/www.tauroessiccatori.com\/ro\/uscare-wiki\/cum-sa-pastrati-alimentele-uscate\/\">Cum se p\u0103streaz\u0103 corect alimentele uscate<\/a>.<\/p>\r\n<p>Rezultatul este un preparat vegetal cu un gust intens, care poate fi folosit sub form\u0103 de fulgi, sf\u0103r\u00e2mat sau ras pentru a da un plus de savoare pastelor, salatelor, legumelor \u0219i multor alte preparate.<\/p>\r\n\r\n\r\n\r\n<p class=\"wp-block-paragraph\"><i>Re\u021bet\u0103 de Sara Cargnello<\/i><\/p>","protected":false},"excerpt":{"rendered":"<p>O re\u021bet\u0103 simpl\u0103 pentru prepararea unei br\u00e2nzeturi vegane din nuci de caju cu Biosec: afl\u0103 ingredientele, timpul de uscare \u0219i consisten\u021ba ideal\u0103.<\/p>","protected":false},"featured_media":0,"template":"","meta":{"_acf_changed":false},"recipe_category":[75],"recipe_tag":[78,79],"class_list":["post-165696","tauro_recipe","type-tauro_recipe","status-publish","hentry","recipe_category-varie","recipe_tag-raw-vegan","recipe_tag-sport-natura"],"acf":[],"yoast_head":"<!-- This site is optimized with the Yoast SEO plugin v28.4 - https:\/\/yoast.com\/product\/yoast-seo-wordpress\/ -->\n<title>Formaggio vegano di anacardi con essiccatore | Tauro<\/title>\n<meta name=\"description\" content=\"Prepara un formaggio vegano di anacardi con l\u2019essiccatore: ingredienti, procedimento, programma Biosec P1, tempi e consigli per la conservazione.\" \/>\n<meta name=\"robots\" content=\"index, follow, max-snippet:-1, max-image-preview:large, max-video-preview:-1\" \/>\n<link rel=\"canonical\" href=\"https:\/\/www.tauroessiccatori.com\/ro\/retete\/diverse\/branza-parmezan-vegana\/\" \/>\n<meta property=\"og:locale\" content=\"ro_RO\" \/>\n<meta property=\"og:type\" content=\"article\" \/>\n<meta property=\"og:title\" content=\"Formaggio vegano di anacardi con essiccatore | Tauro\" \/>\n<meta property=\"og:description\" content=\"Prepara un formaggio vegano di anacardi con l\u2019essiccatore: ingredienti, procedimento, programma Biosec P1, tempi e consigli per la conservazione.\" \/>\n<meta property=\"og:url\" content=\"https:\/\/www.tauroessiccatori.com\/ro\/retete\/diverse\/branza-parmezan-vegana\/\" \/>\n<meta property=\"og:site_name\" content=\"Tauro Essiccatori\" \/>\n<meta property=\"article:publisher\" content=\"https:\/\/www.facebook.com\/tauroessiccatori\" \/>\n<meta property=\"article:modified_time\" content=\"2026-08-31T12:42:07+00:00\" \/>\n<meta name=\"twitter:card\" content=\"summary_large_image\" \/>\n<script type=\"application\/ld+json\" class=\"yoast-schema-graph\">{\"@context\":\"https:\\\/\\\/schema.org\",\"@graph\":[{\"@type\":\"WebPage\",\"@id\":\"https:\\\/\\\/www.tauroessiccatori.com\\\/ro\\\/ricette\\\/varie\\\/formaggio-vegano-dallanacardo-al-parmigiano\\\/\",\"url\":\"https:\\\/\\\/www.tauroessiccatori.com\\\/ro\\\/ricette\\\/varie\\\/formaggio-vegano-dallanacardo-al-parmigiano\\\/\",\"name\":\"Formaggio vegano di anacardi con essiccatore | Tauro\",\"isPartOf\":{\"@id\":\"https:\\\/\\\/www.tauroessiccatori.com\\\/ro\\\/#website\"},\"datePublished\":\"2025-10-07T10:56:16+00:00\",\"dateModified\":\"2026-08-31T12:42:07+00:00\",\"description\":\"Prepara un formaggio vegano di anacardi con l\u2019essiccatore: ingredienti, procedimento, programma Biosec P1, tempi e consigli per la conservazione.\",\"breadcrumb\":{\"@id\":\"https:\\\/\\\/www.tauroessiccatori.com\\\/ro\\\/ricette\\\/varie\\\/formaggio-vegano-dallanacardo-al-parmigiano\\\/#breadcrumb\"},\"inLanguage\":\"ro-RO\",\"potentialAction\":[{\"@type\":\"ReadAction\",\"target\":[\"https:\\\/\\\/www.tauroessiccatori.com\\\/ro\\\/ricette\\\/varie\\\/formaggio-vegano-dallanacardo-al-parmigiano\\\/\"]}]},{\"@type\":\"BreadcrumbList\",\"@id\":\"https:\\\/\\\/www.tauroessiccatori.com\\\/ro\\\/ricette\\\/varie\\\/formaggio-vegano-dallanacardo-al-parmigiano\\\/#breadcrumb\",\"itemListElement\":[{\"@type\":\"ListItem\",\"position\":1,\"name\":\"Home\",\"item\":\"https:\\\/\\\/www.tauroessiccatori.com\\\/\"},{\"@type\":\"ListItem\",\"position\":2,\"name\":\"Ricette\",\"item\":\"https:\\\/\\\/www.tauroessiccatori.com\\\/ricette\\\/\"},{\"@type\":\"ListItem\",\"position\":3,\"name\":\"Formaggio vegano: dall&#8217;anacardo al &#8220;parmigiano&#8221;!\"}]},{\"@type\":\"WebSite\",\"@id\":\"https:\\\/\\\/www.tauroessiccatori.com\\\/ro\\\/#website\",\"url\":\"https:\\\/\\\/www.tauroessiccatori.com\\\/ro\\\/\",\"name\":\"Tauro Essiccatori\",\"description\":\"Da pi\u00f9 di trent\u2019anni, i migliori sistemi di essiccazione.\",\"publisher\":{\"@id\":\"https:\\\/\\\/www.tauroessiccatori.com\\\/ro\\\/#organization\"},\"alternateName\":\"Tauro\",\"potentialAction\":[{\"@type\":\"SearchAction\",\"target\":{\"@type\":\"EntryPoint\",\"urlTemplate\":\"https:\\\/\\\/www.tauroessiccatori.com\\\/ro\\\/?s={search_term_string}\"},\"query-input\":{\"@type\":\"PropertyValueSpecification\",\"valueRequired\":true,\"valueName\":\"search_term_string\"}}],\"inLanguage\":\"ro-RO\"},{\"@type\":\"Organization\",\"@id\":\"https:\\\/\\\/www.tauroessiccatori.com\\\/ro\\\/#organization\",\"name\":\"Tauro Essiccatori\",\"alternateName\":\"Tauro Essiccatori srl unipersonale\",\"url\":\"https:\\\/\\\/www.tauroessiccatori.com\\\/ro\\\/\",\"logo\":{\"@type\":\"ImageObject\",\"inLanguage\":\"ro-RO\",\"@id\":\"https:\\\/\\\/www.tauroessiccatori.com\\\/ro\\\/#\\\/schema\\\/logo\\\/image\\\/\",\"url\":\"https:\\\/\\\/www.tauroessiccatori.com\\\/wp-content\\\/uploads\\\/2026\\\/01\\\/tauro.avif\",\"contentUrl\":\"https:\\\/\\\/www.tauroessiccatori.com\\\/wp-content\\\/uploads\\\/2026\\\/01\\\/tauro.avif\",\"width\":360,\"height\":360,\"caption\":\"Tauro Essiccatori\"},\"image\":{\"@id\":\"https:\\\/\\\/www.tauroessiccatori.com\\\/ro\\\/#\\\/schema\\\/logo\\\/image\\\/\"},\"sameAs\":[\"https:\\\/\\\/www.facebook.com\\\/tauroessiccatori\"]}]}<\/script>\n<!-- \/ Yoast SEO plugin. -->","yoast_head_json":{"title":"Br\u00e2nz\u0103 vegan\u0103 din nuci de caju, preparat\u0103 cu ajutorul unui deshidrator | Tauro","description":"Preg\u0103te\u0219te o br\u00e2nz\u0103 vegan\u0103 din nuci de caju cu ajutorul usc\u0103torului: ingrediente, mod de preparare, programul Biosec P1, timpi de uscare \u0219i sfaturi pentru conservare.","robots":{"index":"index","follow":"follow","max-snippet":"max-snippet:-1","max-image-preview":"max-image-preview:large","max-video-preview":"max-video-preview:-1"},"canonical":"https:\/\/www.tauroessiccatori.com\/ro\/retete\/diverse\/branza-parmezan-vegana\/","og_locale":"ro_RO","og_type":"article","og_title":"Formaggio vegano di anacardi con essiccatore | Tauro","og_description":"Prepara un formaggio vegano di anacardi con l\u2019essiccatore: ingredienti, procedimento, programma Biosec P1, tempi e consigli per la conservazione.","og_url":"https:\/\/www.tauroessiccatori.com\/ro\/retete\/diverse\/branza-parmezan-vegana\/","og_site_name":"Tauro Essiccatori","article_publisher":"https:\/\/www.facebook.com\/tauroessiccatori","article_modified_time":"2026-08-31T12:42:07+00:00","twitter_card":"summary_large_image","schema":{"@context":"https:\/\/schema.org","@graph":[{"@type":"WebPage","@id":"https:\/\/www.tauroessiccatori.com\/ro\/ricette\/varie\/formaggio-vegano-dallanacardo-al-parmigiano\/","url":"https:\/\/www.tauroessiccatori.com\/ro\/ricette\/varie\/formaggio-vegano-dallanacardo-al-parmigiano\/","name":"Br\u00e2nz\u0103 vegan\u0103 din nuci de caju, preparat\u0103 cu ajutorul unui deshidrator | Tauro","isPartOf":{"@id":"https:\/\/www.tauroessiccatori.com\/ro\/#website"},"datePublished":"2025-10-07T10:56:16+00:00","dateModified":"2026-08-31T12:42:07+00:00","description":"Preg\u0103te\u0219te o br\u00e2nz\u0103 vegan\u0103 din nuci de caju cu ajutorul usc\u0103torului: ingrediente, mod de preparare, programul Biosec P1, timpi de uscare \u0219i sfaturi pentru conservare.","breadcrumb":{"@id":"https:\/\/www.tauroessiccatori.com\/ro\/ricette\/varie\/formaggio-vegano-dallanacardo-al-parmigiano\/#breadcrumb"},"inLanguage":"ro-RO","potentialAction":[{"@type":"ReadAction","target":["https:\/\/www.tauroessiccatori.com\/ro\/ricette\/varie\/formaggio-vegano-dallanacardo-al-parmigiano\/"]}]},{"@type":"BreadcrumbList","@id":"https:\/\/www.tauroessiccatori.com\/ro\/ricette\/varie\/formaggio-vegano-dallanacardo-al-parmigiano\/#breadcrumb","itemListElement":[{"@type":"ListItem","position":1,"name":"Home","item":"https:\/\/www.tauroessiccatori.com\/"},{"@type":"ListItem","position":2,"name":"Ricette","item":"https:\/\/www.tauroessiccatori.com\/ricette\/"},{"@type":"ListItem","position":3,"name":"Formaggio vegano: dall&#8217;anacardo al &#8220;parmigiano&#8221;!"}]},{"@type":"WebSite","@id":"https:\/\/www.tauroessiccatori.com\/ro\/#website","url":"https:\/\/www.tauroessiccatori.com\/ro\/","name":"Usc\u0103toare Tauro","description":"De mai bine de 30 de ani, cele mai bune sisteme de uscare.","publisher":{"@id":"https:\/\/www.tauroessiccatori.com\/ro\/#organization"},"alternateName":"Tauro","potentialAction":[{"@type":"SearchAction","target":{"@type":"EntryPoint","urlTemplate":"https:\/\/www.tauroessiccatori.com\/ro\/?s={search_term_string}"},"query-input":{"@type":"PropertyValueSpecification","valueRequired":true,"valueName":"search_term_string"}}],"inLanguage":"ro-RO"},{"@type":"Organization","@id":"https:\/\/www.tauroessiccatori.com\/ro\/#organization","name":"Usc\u0103toare Tauro","alternateName":"Tauro Essiccatori srl unipersonale","url":"https:\/\/www.tauroessiccatori.com\/ro\/","logo":{"@type":"ImageObject","inLanguage":"ro-RO","@id":"https:\/\/www.tauroessiccatori.com\/ro\/#\/schema\/logo\/image\/","url":"https:\/\/www.tauroessiccatori.com\/wp-content\/uploads\/2026\/01\/tauro.avif","contentUrl":"https:\/\/www.tauroessiccatori.com\/wp-content\/uploads\/2026\/01\/tauro.avif","width":360,"height":360,"caption":"Tauro Essiccatori"},"image":{"@id":"https:\/\/www.tauroessiccatori.com\/ro\/#\/schema\/logo\/image\/"},"sameAs":["https:\/\/www.facebook.com\/tauroessiccatori"]}]}},"permalink_manager":null,"_links":{"self":[{"href":"https:\/\/www.tauroessiccatori.com\/ro\/wp-json\/wp\/v2\/tauro_recipe\/165696","targetHints":{"allow":["GET"]}}],"collection":[{"href":"https:\/\/www.tauroessiccatori.com\/ro\/wp-json\/wp\/v2\/tauro_recipe"}],"about":[{"href":"https:\/\/www.tauroessiccatori.com\/ro\/wp-json\/wp\/v2\/types\/tauro_recipe"}],"wp:attachment":[{"href":"https:\/\/www.tauroessiccatori.com\/ro\/wp-json\/wp\/v2\/media?parent=165696"}],"wp:term":[{"taxonomy":"recipe_category","embeddable":true,"href":"https:\/\/www.tauroessiccatori.com\/ro\/wp-json\/wp\/v2\/recipe_category?post=165696"},{"taxonomy":"recipe_tag","embeddable":true,"href":"https:\/\/www.tauroessiccatori.com\/ro\/wp-json\/wp\/v2\/recipe_tag?post=165696"}],"curies":[{"name":"wp","href":"https:\/\/api.w.org\/{rel}","templated":true}]}}